{"id":1815,"date":"2021-12-24T22:43:45","date_gmt":"2021-12-24T22:43:45","guid":{"rendered":"https:\/\/kinsley-demo.bslthemes.com\/?page_id=1815"},"modified":"2025-04-16T02:29:11","modified_gmt":"2025-04-16T01:29:11","slug":"atividades","status":"publish","type":"page","link":"https:\/\/www.casinhasdalaurissilva.pt\/fr\/atividades\/","title":{"rendered":"ATIVIDADES"},"content":{"rendered":"<div data-elementor-type=\"wp-page\" data-elementor-id=\"1815\" class=\"elementor elementor-1815\">\n\t\t\t\t<div class=\"elementor-element elementor-element-b0f788c e-con-full e-flex e-con e-parent\" data-id=\"b0f788c\" data-element_type=\"container\">\n\t\t<div class=\"elementor-element elementor-element-05373b0 e-con-full e-flex e-con e-child\" data-id=\"05373b0\" data-element_type=\"container\">\n\t\t<div class=\"elementor-element elementor-element-7b63da9 e-con-full e-flex e-con e-child\" data-id=\"7b63da9\" data-element_type=\"container\">\n\t\t\t\t<div class=\"elementor-element elementor-element-ad9705a elementor-widget elementor-widget-kinsley-intro\" data-id=\"ad9705a\" data-element_type=\"widget\" data-widget_type=\"kinsley-intro.default\">\n\t\t\t\t<div class=\"elementor-widget-container\">\n\t\t\t\t\t\n\t\t<!-- banner -->\n\t\t<section class=\"knsl-banner-simple knsl-transition-bottom\">\n\t\t\t\t\t\t\t\n\t\t\n\t\t\t\n\t\t\t\t\t\t<div class=\"container\"><div class=\"row\"><div class=\"col-lg-12\">\n\t\t\t\t\t\t<div class=\"knsl-center knsl-title-frame\">\n\t\t\t\t\t\t\t\t<h1 class=\"knsl-title--h knsl-mb-20 knsl-h1-inner\">\n\t\t\t\t\t<span >\n\t\t\t\t\t\tActivit\u00e9s et Points Touristiques\t\t\t\t\t<\/span>\n\t\t\t\t<\/h1>\n\t\t\t\t\t\t\t\t\t\t\t\t\t\t\t<\/div>\n\t\t\t\t\t\t<\/div><\/div><\/div>\n\t\t\t\n\t\t<\/section>\n\t\t<!-- banner end -->\n\n\t\t\t\t\t\t<\/div>\n\t\t\t\t<\/div>\n\t\t\t\t<\/div>\n\t\t\t\t<\/div>\n\t\t\t\t<\/div>\n\t\t<div class=\"elementor-element elementor-element-6c6874f e-flex e-con-boxed e-con e-parent\" data-id=\"6c6874f\" data-element_type=\"container\">\n\t\t\t\t\t<div class=\"e-con-inner\">\n\t\t\t\t<div class=\"elementor-element elementor-element-f61fe39 elementor-widget elementor-widget-image\" data-id=\"f61fe39\" data-element_type=\"widget\" data-widget_type=\"image.default\">\n\t\t\t\t<div class=\"elementor-widget-container\">\n\t\t\t\t\t\t\t\t\t\t\t\t\t\t\t<img fetchpriority=\"high\" decoding=\"async\" width=\"900\" height=\"387\" src=\"https:\/\/www.casinhasdalaurissilva.pt\/wp-content\/uploads\/2025\/02\/Vista-Madeira-e1739097951608-1024x440.png\" class=\"attachment-large size-large wp-image-12527\" alt=\"\" srcset=\"https:\/\/www.casinhasdalaurissilva.pt\/wp-content\/uploads\/2025\/02\/Vista-Madeira-e1739097951608-1024x440.png 1024w, https:\/\/www.casinhasdalaurissilva.pt\/wp-content\/uploads\/2025\/02\/Vista-Madeira-e1739097951608-300x129.png 300w, https:\/\/www.casinhasdalaurissilva.pt\/wp-content\/uploads\/2025\/02\/Vista-Madeira-e1739097951608-768x330.png 768w, https:\/\/www.casinhasdalaurissilva.pt\/wp-content\/uploads\/2025\/02\/Vista-Madeira-e1739097951608-1536x660.png 1536w, https:\/\/www.casinhasdalaurissilva.pt\/wp-content\/uploads\/2025\/02\/Vista-Madeira-e1739097951608-18x8.png 18w, https:\/\/www.casinhasdalaurissilva.pt\/wp-content\/uploads\/2025\/02\/Vista-Madeira-e1739097951608-950x408.png 950w, https:\/\/www.casinhasdalaurissilva.pt\/wp-content\/uploads\/2025\/02\/Vista-Madeira-e1739097951608-800x344.png 800w, https:\/\/www.casinhasdalaurissilva.pt\/wp-content\/uploads\/2025\/02\/Vista-Madeira-e1739097951608.png 1819w\" sizes=\"(max-width: 900px) 100vw, 900px\" \/>\t\t\t\t\t\t\t\t\t\t\t\t\t\t\t<\/div>\n\t\t\t\t<\/div>\n\t\t\t\t\t<\/div>\n\t\t\t\t<\/div>\n\t\t<div class=\"elementor-element elementor-element-b6cb5ac e-con-full e-flex e-con e-parent\" data-id=\"b6cb5ac\" data-element_type=\"container\">\n\t\t<div class=\"elementor-element elementor-element-4b0f10c e-flex e-con-boxed e-con e-child\" data-id=\"4b0f10c\" data-element_type=\"container\">\n\t\t\t\t\t<div class=\"e-con-inner\">\n\t\t<div class=\"elementor-element elementor-element-217c8f2 e-con-full e-flex e-con e-child\" data-id=\"217c8f2\" data-element_type=\"container\">\n\t\t\t\t<div class=\"elementor-element elementor-element-a292fb9 elementor-widget__width-initial elementor-widget elementor-widget-kinsley-section-heading-two\" data-id=\"a292fb9\" data-element_type=\"widget\" data-widget_type=\"kinsley-section-heading-two.default\">\n\t\t\t\t<div class=\"elementor-widget-container\">\n\t\t\t\t\t\n\t\t\t\t<div class=\"knsl-subtitle-two knsl-mb-20\">\n\t\t\t<span >\n\t\t\t\tUne histoire d'amour pour l'\u00eele\t\t\t<\/span>\n\t\t<\/div>\n\t\t\t\t\t\t<h2 class=\"knsl-title-two knsl-mb-30\">\n\t\t\t<span >\n\t\t\t\tVivez Mad\u00e8re, sur et hors des sentiers\t\t\t<\/span>\n\t\t<\/h2>\n\t\t\t\t\n\t\t\t\t\t\t<\/div>\n\t\t\t\t<\/div>\n\t\t\t\t<\/div>\n\t\t<div class=\"elementor-element elementor-element-9f99f43 e-con-full e-flex e-con e-child\" data-id=\"9f99f43\" data-element_type=\"container\">\n\t\t<div class=\"elementor-element elementor-element-9ec9bd4 e-con-full e-flex e-con e-child\" data-id=\"9ec9bd4\" data-element_type=\"container\">\n\t\t<div class=\"elementor-element elementor-element-bf862f7 e-con-full e-flex e-con e-child\" data-id=\"bf862f7\" data-element_type=\"container\">\n\t\t\t\t<div class=\"elementor-element elementor-element-ae72211 elementor-view-stacked elementor-shape-rounded elementor-widget elementor-widget-icon\" data-id=\"ae72211\" data-element_type=\"widget\" data-widget_type=\"icon.default\">\n\t\t\t\t<div class=\"elementor-widget-container\">\n\t\t\t\t\t\t\t<div class=\"elementor-icon-wrapper\">\n\t\t\t<div class=\"elementor-icon\">\n\t\t\t<svg xmlns=\"http:\/\/www.w3.org\/2000\/svg\" viewbox=\"0 0 384 512\"><path fill=\"#d96704\" d=\"M192 48a48 48 0 1 1 96 0 48 48 0 1 1 -96 0zm51.3 182.7L224.2 307l49.7 49.7c9 9 14.1 21.2 14.1 33.9l0 89.4c0 17.7-14.3 32-32 32s-32-14.3-32-32l0-82.7-73.9-73.9c-15.8-15.8-22.2-38.6-16.9-60.3l20.4-84c8.3-34.1 42.7-54.9 76.7-46.4c19 4.8 35.6 16.4 46.4 32.7L305.1 208l30.9 0 0-24c0-13.3 10.7-24 24-24s24 10.7 24 24l0 55.8c0 .1 0 .2 0 .2s0 .2 0 .2L384 488c0 13.3-10.7 24-24 24s-24-10.7-24-24l0-216-39.4 0c-16 0-31-8-39.9-21.4l-13.3-20zM81.1 471.9L117.3 334c3 4.2 6.4 8.2 10.1 11.9l41.9 41.9L142.9 488.1c-4.5 17.1-22 27.3-39.1 22.8s-27.3-22-22.8-39.1zm55.5-346L101.4 266.5c-3 12.1-14.9 19.9-27.2 17.9l-47.9-8c-14-2.3-22.9-16.3-19.2-30L31.9 155c9.5-34.8 41.1-59 77.2-59l4.2 0c15.6 0 27.1 14.7 23.3 29.8z\"><\/path><\/svg>\t\t\t<\/div>\n\t\t<\/div>\n\t\t\t\t\t\t<\/div>\n\t\t\t\t<\/div>\n\t\t\t\t<\/div>\n\t\t<div class=\"elementor-element elementor-element-80adab2 e-con-full e-flex e-con e-child\" data-id=\"80adab2\" data-element_type=\"container\">\n\t\t\t\t<div class=\"elementor-element elementor-element-5e9f3ae elementor-widget elementor-widget-heading\" data-id=\"5e9f3ae\" data-element_type=\"widget\" data-widget_type=\"heading.default\">\n\t\t\t\t<div class=\"elementor-widget-container\">\n\t\t\t\t\t<h4 class=\"elementor-heading-title elementor-size-default\">Randonn\u00e9es et Sentiers<\/h4>\t\t\t\t<\/div>\n\t\t\t\t<\/div>\n\t\t\t\t<div class=\"elementor-element elementor-element-8ab3e0a elementor-widget elementor-widget-text-editor\" data-id=\"8ab3e0a\" data-element_type=\"widget\" data-widget_type=\"text-editor.default\">\n\t\t\t\t<div class=\"elementor-widget-container\">\n\t\t\t\t\t\t\t\t\t<p class=\"translation-block\">Mad\u00e8re est un paradis pour les amateurs de randonn\u00e9e, avec plus de 2 000 km de sentiers. Les <strong>levadas<\/strong> (canaux d'irrigation) offrent des parcours uniques qui traversent la for\u00eat de Laurissilva, les montagnes et les vall\u00e9es.<\/p><p><strong>Points forts: <\/strong><\/p><p class=\"translation-block\"><strong>Levada das 25 Fontes:<\/strong>  Une randonn\u00e9e facile jusqu'\u00e0 un ensemble de cascades.<\/p><ul><li class=\"translation-block\"><strong>Du Pico do Arieiro au Pico Ruivo, entre autres\u2026<\/strong> Un sentier exigeant entre les deux plus hauts sommets de l'\u00eele.<\/li><li>\u00a0<\/li><\/ul>\t\t\t\t\t\t\t\t<\/div>\n\t\t\t\t<\/div>\n\t\t\t\t<\/div>\n\t\t\t\t<\/div>\n\t\t<div class=\"elementor-element elementor-element-f57f519 e-con-full e-flex e-con e-child\" data-id=\"f57f519\" data-element_type=\"container\">\n\t\t<div class=\"elementor-element elementor-element-335220e e-con-full e-flex e-con e-child\" data-id=\"335220e\" data-element_type=\"container\">\n\t\t\t\t<div class=\"elementor-element elementor-element-131c33a elementor-view-stacked elementor-shape-square elementor-widget elementor-widget-icon\" data-id=\"131c33a\" data-element_type=\"widget\" data-widget_type=\"icon.default\">\n\t\t\t\t<div class=\"elementor-widget-container\">\n\t\t\t\t\t\t\t<div class=\"elementor-icon-wrapper\">\n\t\t\t<div class=\"elementor-icon\">\n\t\t\t<svg xmlns=\"http:\/\/www.w3.org\/2000\/svg\" viewbox=\"0 0 640 512\"><path fill=\"#cf6704\" d=\"M336 0c-26.5 0-48 21.5-48 48l0 92.1 71.4 118.4c2.5-1.6 5.4-2.5 8.6-2.5l32 0c8.8 0 16 7.2 16 16l0 32c0 8.8-7.2 16-16 16l-3.5 0 73.8 122.4c12.4 20.6 12.9 46.3 1.2 67.3c-.4 .8-.9 1.6-1.4 2.3L592 512c26.5 0 48-21.5 48-48l0-224c0-26.5-21.5-48-48-48l-24 0 0-72c0-13.3-10.7-24-24-24s-24 10.7-24 24l0 72-40 0 0-144c0-26.5-21.5-48-48-48L336 0zm32 64l32 0c8.8 0 16 7.2 16 16l0 32c0 8.8-7.2 16-16 16l-32 0c-8.8 0-16-7.2-16-16l0-32c0-8.8 7.2-16 16-16zM352 176c0-8.8 7.2-16 16-16l32 0c8.8 0 16 7.2 16 16l0 32c0 8.8-7.2 16-16 16l-32 0c-8.8 0-16-7.2-16-16l0-32zm160 96c0-8.8 7.2-16 16-16l32 0c8.8 0 16 7.2 16 16l0 32c0 8.8-7.2 16-16 16l-32 0c-8.8 0-16-7.2-16-16l0-32zm16 80l32 0c8.8 0 16 7.2 16 16l0 32c0 8.8-7.2 16-16 16l-32 0c-8.8 0-16-7.2-16-16l0-32c0-8.8 7.2-16 16-16zM224 188.9L283.8 288 223 288l-48 64-24.6-41.2L224 188.9zm29.4-44.2C247.1 134.3 236 128 224 128s-23.1 6.3-29.4 16.7L5.1 458.9c-6.5 10.8-6.7 24.3-.7 35.3S22 512 34.5 512l379.1 0c12.5 0 24-6.8 30.1-17.8s5.8-24.5-.7-35.3L253.4 144.7z\"><\/path><\/svg>\t\t\t<\/div>\n\t\t<\/div>\n\t\t\t\t\t\t<\/div>\n\t\t\t\t<\/div>\n\t\t\t\t<\/div>\n\t\t<div class=\"elementor-element elementor-element-91f9c36 e-con-full e-flex e-con e-child\" data-id=\"91f9c36\" data-element_type=\"container\">\n\t\t\t\t<div class=\"elementor-element elementor-element-08fe995 elementor-widget elementor-widget-heading\" data-id=\"08fe995\" data-element_type=\"widget\" data-widget_type=\"heading.default\">\n\t\t\t\t<div class=\"elementor-widget-container\">\n\t\t\t\t\t<h4 class=\"elementor-heading-title elementor-size-default\">Funchal \u2013 Capitale de l'\u00cele<\/h4>\t\t\t\t<\/div>\n\t\t\t\t<\/div>\n\t\t\t\t<div class=\"elementor-element elementor-element-a1dd6a7 elementor-widget elementor-widget-text-editor\" data-id=\"a1dd6a7\" data-element_type=\"widget\" data-widget_type=\"text-editor.default\">\n\t\t\t\t<div class=\"elementor-widget-container\">\n\t\t\t\t\t\t\t\t\t<p>Funchal est une ville charmante avec une architecture coloniale, des march\u00e9s et des mus\u00e9es.<\/p><p><strong>Points forts:<\/strong><\/p><ul><li><strong>March\u00e9 des Laboureurs:<\/strong> Id\u00e9al pour d\u00e9guster des fruits tropicaux et des produits locaux.<\/li><li class=\"translation-block\"><strong>T\u00e9l\u00e9ph\u00e9rique de Monte:<\/strong> Une promenade panoramique reliant Funchal \u00e0 Monte.<\/li><\/ul><p class=\"translation-block\"><strong>CARREIROS DO MONTE:<\/strong> Descente en paniers en osier guid\u00e9s par des \u201ccarreiros\u201d \u2013 une tradition unique de notre \u00eele.<\/p>\t\t\t\t\t\t\t\t<\/div>\n\t\t\t\t<\/div>\n\t\t\t\t<\/div>\n\t\t\t\t<\/div>\n\t\t\t\t<\/div>\n\t\t<div class=\"elementor-element elementor-element-cb36c74 e-con-full e-flex e-con e-child\" data-id=\"cb36c74\" data-element_type=\"container\">\n\t\t<div class=\"elementor-element elementor-element-25edc09 e-con-full e-flex e-con e-child\" data-id=\"25edc09\" data-element_type=\"container\">\n\t\t<div class=\"elementor-element elementor-element-0fa2b9c e-con-full e-flex e-con e-child\" data-id=\"0fa2b9c\" data-element_type=\"container\">\n\t\t\t\t<div class=\"elementor-element elementor-element-7ba622a elementor-view-stacked elementor-shape-square elementor-widget elementor-widget-icon\" data-id=\"7ba622a\" data-element_type=\"widget\" data-widget_type=\"icon.default\">\n\t\t\t\t<div class=\"elementor-widget-container\">\n\t\t\t\t\t\t\t<div class=\"elementor-icon-wrapper\">\n\t\t\t<div class=\"elementor-icon\">\n\t\t\t<svg xmlns=\"http:\/\/www.w3.org\/2000\/svg\" viewbox=\"0 0 448 512\"><path fill=\"#cf6704\" d=\"M210.6 5.9L62 169.4c-3.9 4.2-6 9.8-6 15.5C56 197.7 66.3 208 79.1 208l24.9 0L30.6 281.4c-4.2 4.2-6.6 10-6.6 16C24 309.9 34.1 320 46.6 320L80 320 5.4 409.5C1.9 413.7 0 419 0 424.5c0 13 10.5 23.5 23.5 23.5L192 448l0 32c0 17.7 14.3 32 32 32s32-14.3 32-32l0-32 168.5 0c13 0 23.5-10.5 23.5-23.5c0-5.5-1.9-10.8-5.4-15L368 320l33.4 0c12.5 0 22.6-10.1 22.6-22.6c0-6-2.4-11.8-6.6-16L344 208l24.9 0c12.7 0 23.1-10.3 23.1-23.1c0-5.7-2.1-11.3-6-15.5L237.4 5.9C234 2.1 229.1 0 224 0s-10 2.1-13.4 5.9z\"><\/path><\/svg>\t\t\t<\/div>\n\t\t<\/div>\n\t\t\t\t\t\t<\/div>\n\t\t\t\t<\/div>\n\t\t\t\t<\/div>\n\t\t<div class=\"elementor-element elementor-element-852dfde e-con-full e-flex e-con e-child\" data-id=\"852dfde\" data-element_type=\"container\">\n\t\t\t\t<div class=\"elementor-element elementor-element-b09b449 elementor-widget elementor-widget-heading\" data-id=\"b09b449\" data-element_type=\"widget\" data-widget_type=\"heading.default\">\n\t\t\t\t<div class=\"elementor-widget-container\">\n\t\t\t\t\t<h4 class=\"elementor-heading-title elementor-size-default\">Jardins Tropicaux et Botaniques<\/h4>\t\t\t\t<\/div>\n\t\t\t\t<\/div>\n\t\t\t\t<div class=\"elementor-element elementor-element-8b02117 elementor-widget elementor-widget-text-editor\" data-id=\"8b02117\" data-element_type=\"widget\" data-widget_type=\"text-editor.default\">\n\t\t\t\t<div class=\"elementor-widget-container\">\n\t\t\t\t\t\t\t\t\t<p>La flore de Mad\u00e8re est impressionnante. Le Jardin botanique de Mad\u00e8re et le Jardin tropical Monte Palace offrent une collection diversifi\u00e9e de plantes exotiques et des vues panoramiques.<\/p>\t\t\t\t\t\t\t\t<\/div>\n\t\t\t\t<\/div>\n\t\t\t\t<\/div>\n\t\t\t\t<\/div>\n\t\t<div class=\"elementor-element elementor-element-d42b276 e-con-full e-flex e-con e-child\" data-id=\"d42b276\" data-element_type=\"container\">\n\t\t<div class=\"elementor-element elementor-element-ae95292 e-con-full e-flex e-con e-child\" data-id=\"ae95292\" data-element_type=\"container\">\n\t\t\t\t<div class=\"elementor-element elementor-element-64418e3 elementor-view-stacked elementor-shape-square elementor-widget elementor-widget-icon\" data-id=\"64418e3\" data-element_type=\"widget\" data-widget_type=\"icon.default\">\n\t\t\t\t<div class=\"elementor-widget-container\">\n\t\t\t\t\t\t\t<div class=\"elementor-icon-wrapper\">\n\t\t\t<div class=\"elementor-icon\">\n\t\t\t<svg xmlns=\"http:\/\/www.w3.org\/2000\/svg\" viewbox=\"0 0 512 512\"><path fill=\"#d96704\" d=\"M128 32l32 0c17.7 0 32 14.3 32 32l0 32L96 96l0-32c0-17.7 14.3-32 32-32zm64 96l0 320c0 17.7-14.3 32-32 32L32 480c-17.7 0-32-14.3-32-32l0-59.1c0-34.6 9.4-68.6 27.2-98.3C40.9 267.8 49.7 242.4 53 216L60.5 156c2-16 15.6-28 31.8-28l99.8 0zm227.8 0c16.1 0 29.8 12 31.8 28L459 216c3.3 26.4 12.1 51.8 25.8 74.6c17.8 29.7 27.2 63.7 27.2 98.3l0 59.1c0 17.7-14.3 32-32 32l-128 0c-17.7 0-32-14.3-32-32l0-320 99.8 0zM320 64c0-17.7 14.3-32 32-32l32 0c17.7 0 32 14.3 32 32l0 32-96 0 0-32zm-32 64l0 160-64 0 0-160 64 0z\"><\/path><\/svg>\t\t\t<\/div>\n\t\t<\/div>\n\t\t\t\t\t\t<\/div>\n\t\t\t\t<\/div>\n\t\t\t\t<\/div>\n\t\t<div class=\"elementor-element elementor-element-05c01b9 e-con-full e-flex e-con e-child\" data-id=\"05c01b9\" data-element_type=\"container\">\n\t\t\t\t<div class=\"elementor-element elementor-element-5cfa1a7 elementor-widget elementor-widget-heading\" data-id=\"5cfa1a7\" data-element_type=\"widget\" data-widget_type=\"heading.default\">\n\t\t\t\t<div class=\"elementor-widget-container\">\n\t\t\t\t\t<h4 class=\"elementor-heading-title elementor-size-default\">Observation des C\u00e9tac\u00e9s<\/h4>\t\t\t\t<\/div>\n\t\t\t\t<\/div>\n\t\t\t\t<div class=\"elementor-element elementor-element-e16a137 elementor-widget elementor-widget-text-editor\" data-id=\"e16a137\" data-element_type=\"widget\" data-widget_type=\"text-editor.default\">\n\t\t\t\t<div class=\"elementor-widget-container\">\n\t\t\t\t\t\t\t\t\t<p>Mad\u00e8re est l'un des meilleurs endroits pour observer les dauphins et les baleines, avec plus de 20 esp\u00e8ces aper\u00e7ues tout au long de l'ann\u00e9e. Les excursions en bateau partent principalement de Funchal et de Calheta.<\/p><p class=\"translation-block\"><strong>Activit\u00e9:<\/strong> Excursions en bateau avec possibilit\u00e9 de nager avec les dauphins.<\/p>\t\t\t\t\t\t\t\t<\/div>\n\t\t\t\t<\/div>\n\t\t\t\t<\/div>\n\t\t\t\t<\/div>\n\t\t\t\t<\/div>\n\t\t<div class=\"elementor-element elementor-element-6a71367 e-con-full e-flex e-con e-child\" data-id=\"6a71367\" data-element_type=\"container\">\n\t\t<div class=\"elementor-element elementor-element-021ddbb e-con-full e-flex e-con e-child\" data-id=\"021ddbb\" data-element_type=\"container\">\n\t\t<div class=\"elementor-element elementor-element-9677d3f e-con-full e-flex e-con e-child\" data-id=\"9677d3f\" data-element_type=\"container\">\n\t\t\t\t<div class=\"elementor-element elementor-element-761f4fc elementor-view-stacked elementor-shape-square elementor-widget elementor-widget-icon\" data-id=\"761f4fc\" data-element_type=\"widget\" data-widget_type=\"icon.default\">\n\t\t\t\t<div class=\"elementor-widget-container\">\n\t\t\t\t\t\t\t<div class=\"elementor-icon-wrapper\">\n\t\t\t<div class=\"elementor-icon\">\n\t\t\t<svg xmlns=\"http:\/\/www.w3.org\/2000\/svg\" viewbox=\"0 0 576 512\"><path fill=\"#d96704\" d=\"M309.5 178.4L447.9 297.1c-1.6 .9-3.2 2-4.8 3c-18 12.4-40.1 20.3-59.2 20.3c-19.6 0-40.8-7.7-59.2-20.3c-22.1-15.5-51.6-15.5-73.7 0c-17.1 11.8-38 20.3-59.2 20.3c-10.1 0-21.1-2.2-31.9-6.2C163.1 193.2 262.2 96 384 96l64 0c17.7 0 32 14.3 32 32s-14.3 32-32 32l-64 0c-26.9 0-52.3 6.6-74.5 18.4zM160 160A64 64 0 1 1 32 160a64 64 0 1 1 128 0zM306.5 325.9C329 341.4 356.5 352 384 352c26.9 0 55.4-10.8 77.4-26.1c0 0 0 0 0 0c11.9-8.5 28.1-7.8 39.2 1.7c14.4 11.9 32.5 21 50.6 25.2c17.2 4 27.9 21.2 23.9 38.4s-21.2 27.9-38.4 23.9c-24.5-5.7-44.9-16.5-58.2-25C449.5 405.7 417 416 384 416c-31.9 0-60.6-9.9-80.4-18.9c-5.8-2.7-11.1-5.3-15.6-7.7c-4.5 2.4-9.7 5.1-15.6 7.7c-19.8 9-48.5 18.9-80.4 18.9c-33 0-65.5-10.3-94.5-25.8c-13.4 8.4-33.7 19.3-58.2 25c-17.2 4-34.4-6.7-38.4-23.9s6.7-34.4 23.9-38.4c18.1-4.2 36.2-13.3 50.6-25.2c11.1-9.4 27.3-10.1 39.2-1.7c0 0 0 0 0 0C136.7 341.2 165.1 352 192 352c27.5 0 55-10.6 77.5-26.1c11.1-7.9 25.9-7.9 37 0z\"><\/path><\/svg>\t\t\t<\/div>\n\t\t<\/div>\n\t\t\t\t\t\t<\/div>\n\t\t\t\t<\/div>\n\t\t\t\t<\/div>\n\t\t<div class=\"elementor-element elementor-element-fb63463 e-con-full e-flex e-con e-child\" data-id=\"fb63463\" data-element_type=\"container\">\n\t\t\t\t<div class=\"elementor-element elementor-element-c8b59c8 elementor-widget elementor-widget-heading\" data-id=\"c8b59c8\" data-element_type=\"widget\" data-widget_type=\"heading.default\">\n\t\t\t\t<div class=\"elementor-widget-container\">\n\t\t\t\t\t<h4 class=\"elementor-heading-title elementor-size-default\">Piscines Naturelles de Porto Moniz<\/h4>\t\t\t\t<\/div>\n\t\t\t\t<\/div>\n\t\t\t\t<div class=\"elementor-element elementor-element-3f5a901 elementor-widget elementor-widget-text-editor\" data-id=\"3f5a901\" data-element_type=\"widget\" data-widget_type=\"text-editor.default\">\n\t\t\t\t<div class=\"elementor-widget-container\">\n\t\t\t\t\t\t\t\t\t<p>Des formations volcaniques naturelles ont cr\u00e9\u00e9 des piscines d'eau sal\u00e9e parfaites pour la baignade, entour\u00e9es de vues imprenables sur l'oc\u00e9an Atlantique.<\/p>\t\t\t\t\t\t\t\t<\/div>\n\t\t\t\t<\/div>\n\t\t\t\t<\/div>\n\t\t\t\t<\/div>\n\t\t<div class=\"elementor-element elementor-element-27a5aa8 e-con-full e-flex e-con e-child\" data-id=\"27a5aa8\" data-element_type=\"container\">\n\t\t<div class=\"elementor-element elementor-element-a62e1db e-con-full e-flex e-con e-child\" data-id=\"a62e1db\" data-element_type=\"container\">\n\t\t\t\t<div class=\"elementor-element elementor-element-860ac20 elementor-view-stacked elementor-shape-square elementor-widget elementor-widget-icon\" data-id=\"860ac20\" data-element_type=\"widget\" data-widget_type=\"icon.default\">\n\t\t\t\t<div class=\"elementor-widget-container\">\n\t\t\t\t\t\t\t<div class=\"elementor-icon-wrapper\">\n\t\t\t<div class=\"elementor-icon\">\n\t\t\t<svg xmlns=\"http:\/\/www.w3.org\/2000\/svg\" viewbox=\"0 0 512 512\"><path fill=\"#d96704\" d=\"M220.6 121.2L271.1 96 448 96l0 96-114.8 0c-21.9-15.1-48.5-24-77.2-24s-55.2 8.9-77.2 24L64 192l0-64 128 0c9.9 0 19.7-2.3 28.6-6.8zM0 128L0 416c0 35.3 28.7 64 64 64l384 0c35.3 0 64-28.7 64-64l0-320c0-35.3-28.7-64-64-64L271.1 32c-9.9 0-19.7 2.3-28.6 6.8L192 64l-32 0 0-16c0-8.8-7.2-16-16-16L80 32c-8.8 0-16 7.2-16 16l0 16C28.7 64 0 92.7 0 128zM168 304a88 88 0 1 1 176 0 88 88 0 1 1 -176 0z\"><\/path><\/svg>\t\t\t<\/div>\n\t\t<\/div>\n\t\t\t\t\t\t<\/div>\n\t\t\t\t<\/div>\n\t\t\t\t<\/div>\n\t\t<div class=\"elementor-element elementor-element-0aea765 e-con-full e-flex e-con e-child\" data-id=\"0aea765\" data-element_type=\"container\">\n\t\t\t\t<div class=\"elementor-element elementor-element-f6113af elementor-widget elementor-widget-heading\" data-id=\"f6113af\" data-element_type=\"widget\" data-widget_type=\"heading.default\">\n\t\t\t\t<div class=\"elementor-widget-container\">\n\t\t\t\t\t<h4 class=\"elementor-heading-title elementor-size-default\">Cabo Gir\u00e3o<\/h4>\t\t\t\t<\/div>\n\t\t\t\t<\/div>\n\t\t\t\t<div class=\"elementor-element elementor-element-a9e91ca elementor-widget elementor-widget-text-editor\" data-id=\"a9e91ca\" data-element_type=\"widget\" data-widget_type=\"text-editor.default\">\n\t\t\t\t<div class=\"elementor-widget-container\">\n\t\t\t\t\t\t\t\t\t<p>C'est l'un des caps les plus \u00e9lev\u00e9s d'Europe, avec un belv\u00e9d\u00e8re en plateforme de verre (Skywalk) offrant des vues incroyables sur l'oc\u00e9an et les falaises.<\/p>\t\t\t\t\t\t\t\t<\/div>\n\t\t\t\t<\/div>\n\t\t\t\t<\/div>\n\t\t\t\t<\/div>\n\t\t\t\t<\/div>\n\t\t\t\t\t<\/div>\n\t\t\t\t<\/div>\n\t\t<div class=\"elementor-element elementor-element-a7b9d01 e-flex e-con-boxed e-con e-child\" data-id=\"a7b9d01\" data-element_type=\"container\">\n\t\t\t\t\t<div class=\"e-con-inner\">\n\t\t<div class=\"elementor-element elementor-element-b3f4ab7 e-con-full e-flex e-con e-child\" data-id=\"b3f4ab7\" data-element_type=\"container\">\n\t\t<div class=\"elementor-element elementor-element-fa19727 e-con-full e-flex e-con e-child\" data-id=\"fa19727\" data-element_type=\"container\">\n\t\t<div class=\"elementor-element elementor-element-845d919 e-con-full e-flex e-con e-child\" data-id=\"845d919\" data-element_type=\"container\">\n\t\t\t\t<div class=\"elementor-element elementor-element-838b5bf elementor-view-stacked elementor-shape-square elementor-widget elementor-widget-icon\" data-id=\"838b5bf\" data-element_type=\"widget\" data-widget_type=\"icon.default\">\n\t\t\t\t<div class=\"elementor-widget-container\">\n\t\t\t\t\t\t\t<div class=\"elementor-icon-wrapper\">\n\t\t\t<div class=\"elementor-icon\">\n\t\t\t<svg xmlns=\"http:\/\/www.w3.org\/2000\/svg\" viewbox=\"0 0 576 512\"><path fill=\"#d96704\" d=\"M377 52c11-13.8 8.8-33.9-5-45s-33.9-8.8-45 5L288 60.8 249 12c-11-13.8-31.2-16-45-5s-16 31.2-5 45l48 60L12.3 405.4C4.3 415.4 0 427.7 0 440.4L0 464c0 26.5 21.5 48 48 48l240 0 240 0c26.5 0 48-21.5 48-48l0-23.6c0-12.7-4.3-25.1-12.3-35L329 112l48-60zM288 448l-119.5 0L288 291.7 407.5 448 288 448z\"><\/path><\/svg>\t\t\t<\/div>\n\t\t<\/div>\n\t\t\t\t\t\t<\/div>\n\t\t\t\t<\/div>\n\t\t\t\t<\/div>\n\t\t<div class=\"elementor-element elementor-element-a52a634 e-con-full e-flex e-con e-child\" data-id=\"a52a634\" data-element_type=\"container\">\n\t\t\t\t<div class=\"elementor-element elementor-element-f9a63bb elementor-widget elementor-widget-heading\" data-id=\"f9a63bb\" data-element_type=\"widget\" data-widget_type=\"heading.default\">\n\t\t\t\t<div class=\"elementor-widget-container\">\n\t\t\t\t\t<h4 class=\"elementor-heading-title elementor-size-default\">Santana \u2013 Maisons Typiques<\/h4>\t\t\t\t<\/div>\n\t\t\t\t<\/div>\n\t\t\t\t<div class=\"elementor-element elementor-element-9992eb8 elementor-widget elementor-widget-text-editor\" data-id=\"9992eb8\" data-element_type=\"widget\" data-widget_type=\"text-editor.default\">\n\t\t\t\t<div class=\"elementor-widget-container\">\n\t\t\t\t\t\t\t\t\t<p>Connue pour ses maisons traditionnelles en forme triangulaire avec des toits de chaume, Santana est un village pittoresque qui abrite \u00e9galement le Parc Th\u00e9matique de Mad\u00e8re.<\/p>\t\t\t\t\t\t\t\t<\/div>\n\t\t\t\t<\/div>\n\t\t\t\t<\/div>\n\t\t\t\t<\/div>\n\t\t<div class=\"elementor-element elementor-element-6067b20 e-con-full e-flex e-con e-child\" data-id=\"6067b20\" data-element_type=\"container\">\n\t\t<div class=\"elementor-element elementor-element-ef63062 e-con-full e-flex e-con e-child\" data-id=\"ef63062\" data-element_type=\"container\">\n\t\t\t\t<div class=\"elementor-element elementor-element-0460071 elementor-view-stacked elementor-shape-square elementor-widget elementor-widget-icon\" data-id=\"0460071\" data-element_type=\"widget\" data-widget_type=\"icon.default\">\n\t\t\t\t<div class=\"elementor-widget-container\">\n\t\t\t\t\t\t\t<div class=\"elementor-icon-wrapper\">\n\t\t\t<div class=\"elementor-icon\">\n\t\t\t<svg xmlns=\"http:\/\/www.w3.org\/2000\/svg\" viewbox=\"0 0 512 512\"><path fill=\"#d96704\" d=\"M512 240.2l0 15.8L0 256c0-20 10-38.7 26.6-49.8L274.9 40.7c8.6-5.7 18.6-8.7 28.9-8.7C418.8 32 512 125.2 512 240.2zm0 47.8l0 128c0 35.3-28.7 64-64 64L64 480c-35.3 0-64-28.7-64-64L0 288l512 0z\"><\/path><\/svg>\t\t\t<\/div>\n\t\t<\/div>\n\t\t\t\t\t\t<\/div>\n\t\t\t\t<\/div>\n\t\t\t\t<\/div>\n\t\t<div class=\"elementor-element elementor-element-4cdd0d4 e-con-full e-flex e-con e-child\" data-id=\"4cdd0d4\" data-element_type=\"container\">\n\t\t\t\t<div class=\"elementor-element elementor-element-b78a87f elementor-widget elementor-widget-heading\" data-id=\"b78a87f\" data-element_type=\"widget\" data-widget_type=\"heading.default\">\n\t\t\t\t<div class=\"elementor-widget-container\">\n\t\t\t\t\t<h4 class=\"elementor-heading-title elementor-size-default\">Gastronomie<\/h4>\t\t\t\t<\/div>\n\t\t\t\t<\/div>\n\t\t\t\t<div class=\"elementor-element elementor-element-e927ba2 elementor-widget elementor-widget-text-editor\" data-id=\"e927ba2\" data-element_type=\"widget\" data-widget_type=\"text-editor.default\">\n\t\t\t\t<div class=\"elementor-widget-container\">\n\t\t\t\t\t\t\t\t\t<p class=\"translation-block\">Essayez des plats typiques comme l\u2019<strong>Espetada Madeirense<\/strong>, le <strong>Bolo do Caco<\/strong> et la boisson <strong>Poncha<\/strong>. Le vin de Mad\u00e8re est c\u00e9l\u00e8bre dans le monde entier.<\/p>\t\t\t\t\t\t\t\t<\/div>\n\t\t\t\t<\/div>\n\t\t\t\t<\/div>\n\t\t\t\t<\/div>\n\t\t\t\t<\/div>\n\t\t<div class=\"elementor-element elementor-element-12e32c9 e-con-full e-flex e-con e-child\" data-id=\"12e32c9\" data-element_type=\"container\">\n\t\t<div class=\"elementor-element elementor-element-57d96b5 e-con-full e-flex e-con e-child\" data-id=\"57d96b5\" data-element_type=\"container\">\n\t\t<div class=\"elementor-element elementor-element-4ed4a41 e-con-full e-flex e-con e-child\" data-id=\"4ed4a41\" data-element_type=\"container\">\n\t\t\t\t<div class=\"elementor-element elementor-element-64682f7 elementor-view-stacked elementor-shape-square elementor-widget elementor-widget-icon\" data-id=\"64682f7\" data-element_type=\"widget\" data-widget_type=\"icon.default\">\n\t\t\t\t<div class=\"elementor-widget-container\">\n\t\t\t\t\t\t\t<div class=\"elementor-icon-wrapper\">\n\t\t\t<div class=\"elementor-icon\">\n\t\t\t<svg xmlns=\"http:\/\/www.w3.org\/2000\/svg\" viewbox=\"0 0 576 512\"><path fill=\"#d96704\" d=\"M346.3 271.8l-60.1-21.9L214 448 32 448c-17.7 0-32 14.3-32 32s14.3 32 32 32l512 0c17.7 0 32-14.3 32-32s-14.3-32-32-32l-261.9 0 64.1-176.2zm121.1-.2l-3.3 9.1 67.7 24.6c18.1 6.6 38-4.2 39.6-23.4c6.5-78.5-23.9-155.5-80.8-208.5c2 8 3.2 16.3 3.4 24.8l.2 6c1.8 57-7.3 113.8-26.8 167.4zM462 99.1c-1.1-34.4-22.5-64.8-54.4-77.4c-.9-.4-1.9-.7-2.8-1.1c-33-11.7-69.8-2.4-93.1 23.8l-4 4.5C272.4 88.3 245 134.2 226.8 184l-3.3 9.1L434 269.7l3.3-9.1c18.1-49.8 26.6-102.5 24.9-155.5l-.2-6zM107.2 112.9c-11.1 15.7-2.8 36.8 15.3 43.4l71 25.8 3.3-9.1c19.5-53.6 49.1-103 87.1-145.5l4-4.5c6.2-6.9 13.1-13 20.5-18.2c-79.6 2.5-154.7 42.2-201.2 108z\"><\/path><\/svg>\t\t\t<\/div>\n\t\t<\/div>\n\t\t\t\t\t\t<\/div>\n\t\t\t\t<\/div>\n\t\t\t\t<\/div>\n\t\t<div class=\"elementor-element elementor-element-db011db e-con-full e-flex e-con e-child\" data-id=\"db011db\" data-element_type=\"container\">\n\t\t\t\t<div class=\"elementor-element elementor-element-d96e3a9 elementor-widget elementor-widget-heading\" data-id=\"d96e3a9\" data-element_type=\"widget\" data-widget_type=\"heading.default\">\n\t\t\t\t<div class=\"elementor-widget-container\">\n\t\t\t\t\t<h4 class=\"elementor-heading-title elementor-size-default\">Plages et Activit\u00e9s Nautiques<\/h4>\t\t\t\t<\/div>\n\t\t\t\t<\/div>\n\t\t\t\t<div class=\"elementor-element elementor-element-48bcbe9 elementor-widget elementor-widget-text-editor\" data-id=\"48bcbe9\" data-element_type=\"widget\" data-widget_type=\"text-editor.default\">\n\t\t\t\t<div class=\"elementor-widget-container\">\n\t\t\t\t\t\t\t\t\t<p>Bien qu'\u00e9tant une \u00eele volcanique, Mad\u00e8re poss\u00e8de de charmantes plages et des zones id\u00e9ales pour des activit\u00e9s telles que la plong\u00e9e, le paddle et le surf.<\/p>\t\t\t\t\t\t\t\t<\/div>\n\t\t\t\t<\/div>\n\t\t\t\t<\/div>\n\t\t\t\t<\/div>\n\t\t<div class=\"elementor-element elementor-element-0388b32 e-con-full e-flex e-con e-child\" data-id=\"0388b32\" data-element_type=\"container\">\n\t\t<div class=\"elementor-element elementor-element-a707d3d e-con-full e-flex e-con e-child\" data-id=\"a707d3d\" data-element_type=\"container\">\n\t\t\t\t<div class=\"elementor-element elementor-element-9242a86 elementor-view-stacked elementor-shape-square elementor-widget elementor-widget-icon\" data-id=\"9242a86\" data-element_type=\"widget\" data-widget_type=\"icon.default\">\n\t\t\t\t<div class=\"elementor-widget-container\">\n\t\t\t\t\t\t\t<div class=\"elementor-icon-wrapper\">\n\t\t\t<div class=\"elementor-icon\">\n\t\t\t<svg xmlns=\"http:\/\/www.w3.org\/2000\/svg\" viewbox=\"0 0 512 512\"><path fill=\"#d96704\" d=\"M75.8 304.8L1 35.7c-.7-2.5-1-5-1-7.5C0 12.6 12.6 0 28.2 0H482.4C498.8 0 512 13.2 512 29.6c0 1.6-.1 3.3-.4 4.9L434.6 496.1c-1.5 9.2-9.5 15.9-18.8 15.9c-9.2 0-17.1-6.6-18.7-15.6L336 160 307.2 303.9c-1.9 9.3-10.1 16.1-19.6 16.1c-9.2 0-17.2-6.2-19.4-15.1L240 192 210.6 368.2c-1.5 9.1-9.4 15.8-18.6 15.8s-17.1-6.7-18.6-15.8L144 192 115.9 304.3c-2.3 9.2-10.6 15.7-20.1 15.7c-9.3 0-17.5-6.2-20-15.2z\"><\/path><\/svg>\t\t\t<\/div>\n\t\t<\/div>\n\t\t\t\t\t\t<\/div>\n\t\t\t\t<\/div>\n\t\t\t\t<\/div>\n\t\t<div class=\"elementor-element elementor-element-d7a5d9c e-con-full e-flex e-con e-child\" data-id=\"d7a5d9c\" data-element_type=\"container\">\n\t\t\t\t<div class=\"elementor-element elementor-element-a96011d elementor-widget elementor-widget-heading\" data-id=\"a96011d\" data-element_type=\"widget\" data-widget_type=\"heading.default\">\n\t\t\t\t<div class=\"elementor-widget-container\">\n\t\t\t\t\t<h4 class=\"elementor-heading-title elementor-size-default\">Grottes de S\u00e3o Vicente<\/h4>\t\t\t\t<\/div>\n\t\t\t\t<\/div>\n\t\t\t\t<div class=\"elementor-element elementor-element-646c9a3 elementor-widget elementor-widget-text-editor\" data-id=\"646c9a3\" data-element_type=\"widget\" data-widget_type=\"text-editor.default\">\n\t\t\t\t<div class=\"elementor-widget-container\">\n\t\t\t\t\t\t\t\t\t<p>Ces impressionnantes formations volcaniques montrent comment l'\u00eele a \u00e9t\u00e9 cr\u00e9\u00e9e. Les visites guid\u00e9es incluent un centre de volcanisme.<\/p>\t\t\t\t\t\t\t\t<\/div>\n\t\t\t\t<\/div>\n\t\t\t\t<\/div>\n\t\t\t\t<\/div>\n\t\t\t\t<\/div>\n\t\t<div class=\"elementor-element elementor-element-5aec4d2 e-con-full e-flex e-con e-child\" data-id=\"5aec4d2\" data-element_type=\"container\">\n\t\t<div class=\"elementor-element elementor-element-e1a222c e-con-full e-flex e-con e-child\" data-id=\"e1a222c\" data-element_type=\"container\">\n\t\t<div class=\"elementor-element elementor-element-448ca20 e-con-full e-flex e-con e-child\" data-id=\"448ca20\" data-element_type=\"container\">\n\t\t\t\t<div class=\"elementor-element elementor-element-365f612 elementor-view-stacked elementor-shape-square elementor-widget elementor-widget-icon\" data-id=\"365f612\" data-element_type=\"widget\" data-widget_type=\"icon.default\">\n\t\t\t\t<div class=\"elementor-widget-container\">\n\t\t\t\t\t\t\t<div class=\"elementor-icon-wrapper\">\n\t\t\t<div class=\"elementor-icon\">\n\t\t\t<svg xmlns=\"http:\/\/www.w3.org\/2000\/svg\" viewbox=\"0 0 512 512\"><path fill=\"#d96704\" d=\"M501.2 76.1c11.1-7.3 14.2-22.1 6.9-33.2s-22.1-14.2-33.2-6.9L370.2 104.5C335.8 98.7 297 96 256 96C114.6 96 0 128 0 208L0 368c0 31.3 27.4 58.8 72 78.7L72 344c0-13.3 10.7-24 24-24s24 10.7 24 24l0 119.4c33 8.9 71.1 14.5 112 16.1L232 376c0-13.3 10.7-24 24-24s24 10.7 24 24l0 103.5c40.9-1.6 79-7.2 112-16.1L392 344c0-13.3 10.7-24 24-24s24 10.7 24 24l0 102.7c44.6-19.9 72-47.4 72-78.7l0-160c0-41.1-30.2-69.5-78.8-87.4l67.9-44.5zM307.4 145.6l-64.6 42.3c-11.1 7.3-14.2 22.1-6.9 33.2s22.1 14.2 33.2 6.9l111.1-72.8c14.7 3.2 27.9 7 39.4 11.5C458.4 181.8 464 197.4 464 208c0 .8-2.7 17.2-46 35.9C379.1 260.7 322 272 256 272s-123.1-11.3-162-28.1C50.7 225.2 48 208.8 48 208c0-10.6 5.6-26.2 44.4-41.3C130.6 151.9 187.8 144 256 144c18 0 35.1 .5 51.4 1.6z\"><\/path><\/svg>\t\t\t<\/div>\n\t\t<\/div>\n\t\t\t\t\t\t<\/div>\n\t\t\t\t<\/div>\n\t\t\t\t<\/div>\n\t\t<div class=\"elementor-element elementor-element-d3c3354 e-con-full e-flex e-con e-child\" data-id=\"d3c3354\" data-element_type=\"container\">\n\t\t\t\t<div class=\"elementor-element elementor-element-0aa91bd elementor-widget elementor-widget-heading\" data-id=\"0aa91bd\" data-element_type=\"widget\" data-widget_type=\"heading.default\">\n\t\t\t\t<div class=\"elementor-widget-container\">\n\t\t\t\t\t<h4 class=\"elementor-heading-title elementor-size-default\">F\u00eate des Fleurs<\/h4>\t\t\t\t<\/div>\n\t\t\t\t<\/div>\n\t\t\t\t<div class=\"elementor-element elementor-element-2c1fd9e elementor-widget elementor-widget-text-editor\" data-id=\"2c1fd9e\" data-element_type=\"widget\" data-widget_type=\"text-editor.default\">\n\t\t\t\t<div class=\"elementor-widget-container\">\n\t\t\t\t\t\t\t\t\t<p>La F\u00eate des Fleurs est l'un des \u00e9v\u00e9nements les plus embl\u00e9matiques de Mad\u00e8re, c\u00e9l\u00e9brant l'arriv\u00e9e du printemps et la diversit\u00e9 florale luxuriante de l'\u00eele. Elle a lieu chaque ann\u00e9e, g\u00e9n\u00e9ralement entre avril et mai, transformant les rues de Funchal en un d\u00e9cor color\u00e9 et vibrant. Le point culminant de la f\u00eate est le d\u00e9fil\u00e9 de chars d\u00e9cor\u00e9s de fleurs, accompagn\u00e9 de danses et de musiques traditionnelles.<\/p>\t\t\t\t\t\t\t\t<\/div>\n\t\t\t\t<\/div>\n\t\t\t\t<\/div>\n\t\t\t\t<\/div>\n\t\t\t\t<\/div>\n\t\t\t\t\t<\/div>\n\t\t\t\t<\/div>\n\t\t\t\t<\/div>\n\t\t<div class=\"elementor-element elementor-element-d33d86d e-con-full e-flex e-con e-parent\" data-id=\"d33d86d\" data-element_type=\"container\" id=\"experiencias\">\n\t\t<div class=\"elementor-element elementor-element-56c4209 e-flex e-con-boxed e-con e-child\" data-id=\"56c4209\" data-element_type=\"container\" data-settings=\"{&quot;background_background&quot;:&quot;classic&quot;}\">\n\t\t\t\t\t<div class=\"e-con-inner\">\n\t\t<div class=\"elementor-element elementor-element-b0a0e01 e-con-full e-flex e-con e-child\" data-id=\"b0a0e01\" data-element_type=\"container\">\n\t\t\t\t<div class=\"elementor-element elementor-element-749e012 elementor-widget elementor-widget-kinsley-section-heading-two\" data-id=\"749e012\" data-element_type=\"widget\" data-widget_type=\"kinsley-section-heading-two.default\">\n\t\t\t\t<div class=\"elementor-widget-container\">\n\t\t\t\t\t\n\t\t\t\t<div class=\"knsl-subtitle-two knsl-mb-20\">\n\t\t\t<span >\n\t\t\t\tExp\u00e9riences pour les Amateurs d'Aventure\t\t\t<\/span>\n\t\t<\/div>\n\t\t\t\t\t\t<h2 class=\"knsl-title-two knsl-mb-30\">\n\t\t\t<span >\n\t\t\t\tExplorez les merveilles de la <em><strong>Notre \u00cele<\/strong><\/em>\t\t\t<\/span>\n\t\t<\/h2>\n\t\t\t\t\n\t\t\t\t\t\t<\/div>\n\t\t\t\t<\/div>\n\t\t\t\t<\/div>\n\t\t<div class=\"elementor-element elementor-element-8f44d49 e-con-full e-flex e-con e-child\" data-id=\"8f44d49\" data-element_type=\"container\">\n\t\t\t\t<div class=\"elementor-element elementor-element-b10b889 elementor-widget elementor-widget-kinsley-services\" data-id=\"b10b889\" data-element_type=\"widget\" data-widget_type=\"kinsley-services.default\">\n\t\t\t\t<div class=\"elementor-widget-container\">\n\t\t\t\t\t\n\t\t<!-- services -->\n\t\t<section class=\"knsl-p-0-80\">\n\t\t\t\n\t\t\t\t\t\t\t<div class=\"row attr-desc-false attr-readmore-false\">\n\t\t\t\t\n\t\t\t\t\t\n\t\t\t\t\t\t\t\t\t\t\t\t\t\t\t<div class=\"col-md-6 col-lg-4\">\n\n\t\t\t\t\t\t\n\n<!-- service card -->\n<div class=\"knsl-ath-card\">\n\t<div class=\"knsl-cover-frame\">\n\t\t<a href=\"https:\/\/www.casinhasdalaurissilva.pt\/fr\/services\/canyoning\/\">\n\t\t\t\t\t\t<img decoding=\"async\" src=\"https:\/\/www.casinhasdalaurissilva.pt\/wp-content\/uploads\/2021\/08\/CANYONING-950x629.jpg\" alt=\"CANYONING\">\n\t\t\t\t\t<\/a>\n\t\t\t<\/div>\n\t<div class=\"knsl-card-description\">\n\t\t<h3 class=\"knsl-mb-10\">\n\t\t\tCANYONING\t\t<\/h3>\n\t\t<div class=\"knsl-text knsl-text--h\">\n\t\t\t<p>Canyoning na Madeira \u2013 Aventura entre Cascatas e Florestas Exuberantes Explora a natureza intocada\u2026<\/p>\n\t\t<\/div>\n\t\t<a href=\"https:\/\/www.casinhasdalaurissilva.pt\/fr\/services\/canyoning\/\" class=\"knsl-btn\">\n\t\t\tRead more\t\t\t<span class=\"screen-reader-text\">Read more&nbsp;CANYONING<\/span>\n\t\t<\/a>\n\t<\/div>\n<\/div>\n<!-- service card end -->\n\n\t\t\t\t\t<\/div>\n\t\t\t\t\t\t\t\t\t\t<div class=\"col-md-6 col-lg-4\">\n\n\t\t\t\t\t\t\n\n<!-- service card -->\n<div class=\"knsl-ath-card\">\n\t<div class=\"knsl-cover-frame\">\n\t\t<a href=\"https:\/\/www.casinhasdalaurissilva.pt\/fr\/services\/adventure-challenge\/\">\n\t\t\t\t\t\t<img decoding=\"async\" src=\"https:\/\/www.casinhasdalaurissilva.pt\/wp-content\/uploads\/2021\/12\/Challenge-950x634.jpg\" alt=\"CHALLENGER\">\n\t\t\t\t\t<\/a>\n\t\t\t<\/div>\n\t<div class=\"knsl-card-description\">\n\t\t<h3 class=\"knsl-mb-10\">\n\t\t\tCHALLENGER\t\t<\/h3>\n\t\t<div class=\"knsl-text knsl-text--h\">\n\t\t\t<p>Adventure Challenge na Madeira \u2013 Supera Teus Limites com Desafios de Aventura A Ilha\u2026<\/p>\n\t\t<\/div>\n\t\t<a href=\"https:\/\/www.casinhasdalaurissilva.pt\/fr\/services\/adventure-challenge\/\" class=\"knsl-btn\">\n\t\t\tRead more\t\t\t<span class=\"screen-reader-text\">Read more&nbsp;CHALLENGER<\/span>\n\t\t<\/a>\n\t<\/div>\n<\/div>\n<!-- service card end -->\n\n\t\t\t\t\t<\/div>\n\t\t\t\t\t\t\t\t\t\t<div class=\"col-md-6 col-lg-4\">\n\n\t\t\t\t\t\t\n\n<!-- service card -->\n<div class=\"knsl-ath-card\">\n\t<div class=\"knsl-cover-frame\">\n\t\t<a href=\"https:\/\/www.casinhasdalaurissilva.pt\/fr\/services\/climbing\/\">\n\t\t\t\t\t\t<img decoding=\"async\" src=\"https:\/\/www.casinhasdalaurissilva.pt\/wp-content\/uploads\/2021\/12\/CLIMBING-950x632.jpg\" alt=\"CLIMBING\">\n\t\t\t\t\t<\/a>\n\t\t\t<\/div>\n\t<div class=\"knsl-card-description\">\n\t\t<h3 class=\"knsl-mb-10\">\n\t\t\tCLIMBING\t\t<\/h3>\n\t\t<div class=\"knsl-text knsl-text--h\">\n\t\t\t<p>Escalada na Madeira \u2013 Desafia a Gravidade Num Para\u00edso Natural A Ilha da Madeira\u2026<\/p>\n\t\t<\/div>\n\t\t<a href=\"https:\/\/www.casinhasdalaurissilva.pt\/fr\/services\/climbing\/\" class=\"knsl-btn\">\n\t\t\tRead more\t\t\t<span class=\"screen-reader-text\">Read more&nbsp;CLIMBING<\/span>\n\t\t<\/a>\n\t<\/div>\n<\/div>\n<!-- service card end -->\n\n\t\t\t\t\t<\/div>\n\t\t\t\t\t\t\t\t\t\t<div class=\"col-md-6 col-lg-4\">\n\n\t\t\t\t\t\t\n\n<!-- service card -->\n<div class=\"knsl-ath-card knsl-scroll-animation\">\n\t<div class=\"knsl-cover-frame\">\n\t\t<a href=\"https:\/\/www.casinhasdalaurissilva.pt\/fr\/services\/coasteering\/\">\n\t\t\t\t\t\t<img decoding=\"async\" src=\"https:\/\/www.casinhasdalaurissilva.pt\/wp-content\/uploads\/2021\/08\/Coasteering.png\" alt=\"COASTEERING\">\n\t\t\t\t\t<\/a>\n\t\t\t<\/div>\n\t<div class=\"knsl-card-description\">\n\t\t<h3 class=\"knsl-mb-10\">\n\t\t\tCOASTEERING\t\t<\/h3>\n\t\t<div class=\"knsl-text knsl-text--h\">\n\t\t\t<p>Coasteering na Madeira \u2013 Aventura e Adrenalina na Costa Selvagem A Ilha da Madeira,\u2026<\/p>\n\t\t<\/div>\n\t\t<a href=\"https:\/\/www.casinhasdalaurissilva.pt\/fr\/services\/coasteering\/\" class=\"knsl-btn\">\n\t\t\tRead more\t\t\t<span class=\"screen-reader-text\">Read more&nbsp;COASTEERING<\/span>\n\t\t<\/a>\n\t<\/div>\n<\/div>\n<!-- service card end -->\n\n\t\t\t\t\t<\/div>\n\t\t\t\t\t\t\t\t\t\t<div class=\"col-md-6 col-lg-4\">\n\n\t\t\t\t\t\t\n\n<!-- service card -->\n<div class=\"knsl-ath-card knsl-scroll-animation\">\n\t<div class=\"knsl-cover-frame\">\n\t\t<a href=\"https:\/\/www.casinhasdalaurissilva.pt\/fr\/services\/activities_group\/\">\n\t\t\t\t\t\t<img decoding=\"async\" src=\"https:\/\/www.casinhasdalaurissilva.pt\/wp-content\/uploads\/2021\/12\/Group.png\" alt=\"GROUP\">\n\t\t\t\t\t<\/a>\n\t\t\t<\/div>\n\t<div class=\"knsl-card-description\">\n\t\t<h3 class=\"knsl-mb-10\">\n\t\t\tGROUP\t\t<\/h3>\n\t\t<div class=\"knsl-text knsl-text--h\">\n\t\t\t<p>Multi Activities Group na Madeira \u2013 Aventura e Divers\u00e3o em Grupo A Ilha da\u2026<\/p>\n\t\t<\/div>\n\t\t<a href=\"https:\/\/www.casinhasdalaurissilva.pt\/fr\/services\/activities_group\/\" class=\"knsl-btn\">\n\t\t\tRead more\t\t\t<span class=\"screen-reader-text\">Read more&nbsp;GROUP<\/span>\n\t\t<\/a>\n\t<\/div>\n<\/div>\n<!-- service card end -->\n\n\t\t\t\t\t<\/div>\n\t\t\t\t\t\t\t\t\t\t<div class=\"col-md-6 col-lg-4\">\n\n\t\t\t\t\t\t\n\n<!-- service card -->\n<div class=\"knsl-ath-card knsl-scroll-animation\">\n\t<div class=\"knsl-cover-frame\">\n\t\t<a href=\"https:\/\/www.casinhasdalaurissilva.pt\/fr\/services\/rope-manoeuvres\/\">\n\t\t\t\t\t\t<img decoding=\"async\" src=\"https:\/\/www.casinhasdalaurissilva.pt\/wp-content\/uploads\/2021\/12\/Rope-Manoeuvres-950x543.jpg\" alt=\"MANOEUVRES\">\n\t\t\t\t\t<\/a>\n\t\t\t<\/div>\n\t<div class=\"knsl-card-description\">\n\t\t<h3 class=\"knsl-mb-10\">\n\t\t\tMANOEUVRES\t\t<\/h3>\n\t\t<div class=\"knsl-text knsl-text--h\">\n\t\t\t<p>Rope Manoeuvres na Madeira \u2013 Desafia os Teus Limites nas Alturas A Ilha da\u2026<\/p>\n\t\t<\/div>\n\t\t<a href=\"https:\/\/www.casinhasdalaurissilva.pt\/fr\/services\/rope-manoeuvres\/\" class=\"knsl-btn\">\n\t\t\tRead more\t\t\t<span class=\"screen-reader-text\">Read more&nbsp;MANOEUVRES<\/span>\n\t\t<\/a>\n\t<\/div>\n<\/div>\n<!-- service card end -->\n\n\t\t\t\t\t<\/div>\n\t\t\t\t\t\n\t\t\t\t\t\n\t\t\t\t\t\t\t\t\t\t\n    \t\t\t<\/div>\n\t\t\t\n\t\t<\/section>\n\t\t<!-- services end -->\n\n\t\t\t\t\t\t<\/div>\n\t\t\t\t<\/div>\n\t\t\t\t<\/div>\n\t\t\t\t\t<\/div>\n\t\t\t\t<\/div>\n\t\t\t\t<\/div>\n\t\t<div class=\"elementor-element elementor-element-dd386f5 e-flex e-con-boxed e-con e-parent\" data-id=\"dd386f5\" data-element_type=\"container\">\n\t\t\t\t\t<div class=\"e-con-inner\">\n\t\t\t\t<div class=\"elementor-element elementor-element-61aa7c9 elementor-widget elementor-widget-heading\" data-id=\"61aa7c9\" data-element_type=\"widget\" data-widget_type=\"heading.default\">\n\t\t\t\t<div class=\"elementor-widget-container\">\n\t\t\t\t\t<h2 class=\"elementor-heading-title elementor-size-default\">Venez D\u00e9couvrir Notre Gastronomie<\/h2>\t\t\t\t<\/div>\n\t\t\t\t<\/div>\n\t\t\t\t\t<\/div>\n\t\t\t\t<\/div>\n\t\t<div class=\"elementor-element elementor-element-3d14c43 e-con-full e-flex e-con e-parent\" data-id=\"3d14c43\" data-element_type=\"container\">\n\t\t<div class=\"elementor-element elementor-element-e140957 e-flex e-con-boxed e-con e-child\" data-id=\"e140957\" data-element_type=\"container\">\n\t\t\t\t\t<div class=\"e-con-inner\">\n\t\t<div class=\"elementor-element elementor-element-eec9078 e-con-full e-flex e-con e-child\" data-id=\"eec9078\" data-element_type=\"container\">\n\t\t\t\t<div class=\"elementor-element elementor-element-44f5f99 elementor-widget elementor-widget-image\" data-id=\"44f5f99\" data-element_type=\"widget\" data-widget_type=\"image.default\">\n\t\t\t\t<div class=\"elementor-widget-container\">\n\t\t\t\t\t\t\t\t\t\t\t\t\t\t\t<img decoding=\"async\" src=\"https:\/\/www.casinhasdalaurissilva.pt\/wp-content\/uploads\/elementor\/thumbs\/Horizonte-1-r19oq8hm92ofcjqxopr8nw0gy1qgq03zx16moe525s.png\" title=\"Horizonte\" alt=\"Horizonte\" loading=\"lazy\" \/>\t\t\t\t\t\t\t\t\t\t\t\t\t\t\t<\/div>\n\t\t\t\t<\/div>\n\t\t\t\t<\/div>\n\t\t<div class=\"elementor-element elementor-element-320121b e-con-full e-flex e-con e-child\" data-id=\"320121b\" data-element_type=\"container\">\n\t\t\t\t<\/div>\n\t\t<div class=\"elementor-element elementor-element-03f0ac6 e-con-full e-flex e-con e-child\" data-id=\"03f0ac6\" data-element_type=\"container\">\n\t\t\t\t<div class=\"elementor-element elementor-element-e9b10db elementor-widget__width-initial elementor-widget elementor-widget-kinsley-section-heading-two\" data-id=\"e9b10db\" data-element_type=\"widget\" data-widget_type=\"kinsley-section-heading-two.default\">\n\t\t\t\t<div class=\"elementor-widget-container\">\n\t\t\t\t\t\n\t\t\t\t<div class=\"knsl-subtitle-two knsl-mb-20\">\n\t\t\t<span >\n\t\t\t\tUn nectar singulier qui traverse des si\u00e8cles d'histoire et de tradition\t\t\t<\/span>\n\t\t<\/div>\n\t\t\t\t\t\t<h2 class=\"knsl-title-two knsl-mb-30\">\n\t\t\t<span >\n\t\t\t\tVin de Mad\u00e8re : L'Essence de l'\u00cele dans Chaque Goutte\t\t\t<\/span>\n\t\t<\/h2>\n\t\t\t\t\t\t<div class=\"knsl-description-two\">\n\t\t\t<div >\n\t\t\t\tLe Vin de Mad\u00e8re est bien plus qu'une boisson ; c'est un symbole d'histoire, de culture et d'excellence. Produit sur l'\u00eele de Mad\u00e8re depuis le XVe si\u00e8cle, ce vin fortifi\u00e9 est mondialement connu pour sa long\u00e9vit\u00e9, sa complexit\u00e9 et sa diversit\u00e9 de saveurs. Gr\u00e2ce aux conditions uniques de climat et de sol volcanique de l'\u00eele, combin\u00e9es \u00e0 un processus de vinification incluant un chauffage contr\u00f4l\u00e9, le Vin de Mad\u00e8re pr\u00e9sente des notes allant du sucr\u00e9 au sec, s\u00e9duisant une grande vari\u00e9t\u00e9 de palais. Que ce soit en ap\u00e9ritif, en accompagnement de plats ou de desserts, ce nectar est un voyage \u00e0 travers les saveurs authentiques de Mad\u00e8re, refl\u00e9tant l'essence et la passion des Mad\u00e9riens.\t\t\t<\/div>\n\t\t<\/div>\n\t\t\n\t\t\t\t\t\t<\/div>\n\t\t\t\t<\/div>\n\t\t\t\t<\/div>\n\t\t\t\t\t<\/div>\n\t\t\t\t<\/div>\n\t\t\t\t<\/div>\n\t\t<div class=\"elementor-element elementor-element-fd7dca7 e-con-full e-flex e-con e-parent\" data-id=\"fd7dca7\" data-element_type=\"container\">\n\t\t<div class=\"elementor-element elementor-element-6f56886 e-flex e-con-boxed e-con e-child\" data-id=\"6f56886\" data-element_type=\"container\">\n\t\t\t\t\t<div class=\"e-con-inner\">\n\t\t<div class=\"elementor-element elementor-element-d89813a e-con-full e-flex e-con e-child\" data-id=\"d89813a\" data-element_type=\"container\">\n\t\t<div class=\"elementor-element elementor-element-b1edaa0 e-con-full e-flex e-con e-child\" data-id=\"b1edaa0\" data-element_type=\"container\">\n\t\t\t\t<div class=\"elementor-element elementor-element-b80b93a elementor-view-default elementor-widget elementor-widget-icon\" data-id=\"b80b93a\" data-element_type=\"widget\" data-widget_type=\"icon.default\">\n\t\t\t\t<div class=\"elementor-widget-container\">\n\t\t\t\t\t\t\t<div class=\"elementor-icon-wrapper\">\n\t\t\t<div class=\"elementor-icon\">\n\t\t\t\t\t\t<\/div>\n\t\t<\/div>\n\t\t\t\t\t\t<\/div>\n\t\t\t\t<\/div>\n\t\t\t\t<div class=\"elementor-element elementor-element-bdee276 elementor-widget elementor-widget-heading\" data-id=\"bdee276\" data-element_type=\"widget\" data-widget_type=\"heading.default\">\n\t\t\t\t<div class=\"elementor-widget-container\">\n\t\t\t\t\t<h4 class=\"elementor-heading-title elementor-size-default\">Poncha Madeirense<\/h4>\t\t\t\t<\/div>\n\t\t\t\t<\/div>\n\t\t\t\t<div class=\"elementor-element elementor-element-d7ac33a elementor-widget elementor-widget-text-editor\" data-id=\"d7ac33a\" data-element_type=\"widget\" data-widget_type=\"text-editor.default\">\n\t\t\t\t<div class=\"elementor-widget-container\">\n\t\t\t\t\t\t\t\t\t<p class=\"translation-block\">La <strong>poncha<\/strong> est la boisson traditionnelle de Mad\u00e8re, \u00e9labor\u00e9e avec de l'aguardente de canne \u00e0 sucre, du miel et du jus d'agrumes frais. Sa saveur unique, qui \u00e9quilibre douceur et acidit\u00e9, en fait un choix incontournable pour quiconque visite l'\u00eele. Symbole de convivialit\u00e9 et de tradition, la poncha est le v\u00e9ritable <strong>esprit mad\u00e9rien<\/strong> dans un verre !<\/p>\t\t\t\t\t\t\t\t<\/div>\n\t\t\t\t<\/div>\n\t\t\t\t<\/div>\n\t\t\t\t<\/div>\n\t\t<div class=\"elementor-element elementor-element-67180e1 e-con-full e-flex e-con e-child\" data-id=\"67180e1\" data-element_type=\"container\">\n\t\t<div class=\"elementor-element elementor-element-2d0a713 e-con-full e-flex e-con e-child\" data-id=\"2d0a713\" data-element_type=\"container\">\n\t\t\t\t<div class=\"elementor-element elementor-element-beb8a7e elementor-view-default elementor-widget elementor-widget-icon\" data-id=\"beb8a7e\" data-element_type=\"widget\" data-widget_type=\"icon.default\">\n\t\t\t\t<div class=\"elementor-widget-container\">\n\t\t\t\t\t\t\t<div class=\"elementor-icon-wrapper\">\n\t\t\t<div class=\"elementor-icon\">\n\t\t\t\t\t\t<\/div>\n\t\t<\/div>\n\t\t\t\t\t\t<\/div>\n\t\t\t\t<\/div>\n\t\t\t\t<div class=\"elementor-element elementor-element-60602be elementor-widget elementor-widget-heading\" data-id=\"60602be\" data-element_type=\"widget\" data-widget_type=\"heading.default\">\n\t\t\t\t<div class=\"elementor-widget-container\">\n\t\t\t\t\t<h4 class=\"elementor-heading-title elementor-size-default\">Espetadas em Pau de Louro<\/h4>\t\t\t\t<\/div>\n\t\t\t\t<\/div>\n\t\t\t\t<div class=\"elementor-element elementor-element-0a0531a elementor-widget elementor-widget-text-editor\" data-id=\"0a0531a\" data-element_type=\"widget\" data-widget_type=\"text-editor.default\">\n\t\t\t\t<div class=\"elementor-widget-container\">\n\t\t\t\t\t\t\t\t\t<p class=\"translation-block\"><strong>Brochettes de laurier<\/strong> sont l'un des plats les plus embl\u00e9matiques de Mad\u00e8re, pr\u00e9par\u00e9es avec des morceaux de viande succulents assaisonn\u00e9s d'ail, de sel et de laurier. Grill\u00e9es sur des braises et enfil\u00e9es sur des b\u00e2tons de laurier, elles acqui\u00e8rent un ar\u00f4me et une saveur uniques qui ravissent les palais. Une exp\u00e9rience gastronomique authentique qui est synonyme de tradition et de convivialit\u00e9 sur l'\u00eele!<\/p>\t\t\t\t\t\t\t\t<\/div>\n\t\t\t\t<\/div>\n\t\t\t\t<\/div>\n\t\t\t\t<\/div>\n\t\t<div class=\"elementor-element elementor-element-06dab0d e-con-full e-flex e-con e-child\" data-id=\"06dab0d\" data-element_type=\"container\">\n\t\t<div class=\"elementor-element elementor-element-e20d5bd e-con-full e-flex e-con e-child\" data-id=\"e20d5bd\" data-element_type=\"container\">\n\t\t\t\t<div class=\"elementor-element elementor-element-b259a4a elementor-view-default elementor-widget elementor-widget-icon\" data-id=\"b259a4a\" data-element_type=\"widget\" data-widget_type=\"icon.default\">\n\t\t\t\t<div class=\"elementor-widget-container\">\n\t\t\t\t\t\t\t<div class=\"elementor-icon-wrapper\">\n\t\t\t<div class=\"elementor-icon\">\n\t\t\t\t\t\t<\/div>\n\t\t<\/div>\n\t\t\t\t\t\t<\/div>\n\t\t\t\t<\/div>\n\t\t\t\t<div class=\"elementor-element elementor-element-f5eb9f4 elementor-widget elementor-widget-heading\" data-id=\"f5eb9f4\" data-element_type=\"widget\" data-widget_type=\"heading.default\">\n\t\t\t\t<div class=\"elementor-widget-container\">\n\t\t\t\t\t<h4 class=\"elementor-heading-title elementor-size-default\">Bolo do Caco<\/h4>\t\t\t\t<\/div>\n\t\t\t\t<\/div>\n\t\t\t\t<div class=\"elementor-element elementor-element-13579ea elementor-widget elementor-widget-text-editor\" data-id=\"13579ea\" data-element_type=\"widget\" data-widget_type=\"text-editor.default\">\n\t\t\t\t<div class=\"elementor-widget-container\">\n\t\t\t\t\t\t\t\t\t<p class=\"translation-block\">Le <strong>bolo do caco<\/strong> est l'un des plus grands symboles de la gastronomie mad\u00e9rienne, fabriqu\u00e9 de mani\u00e8re artisanale avec de la patate douce et cuit sur une pierre chaude. Servi chaud et g\u00e9n\u00e9ralement tartin\u00e9 de beurre \u00e0 l'ail, il est parfait en accompagnement ou en entr\u00e9e. Simple, savoureux et plein de tradition, c'est un v\u00e9ritable ambassadeur des saveurs de Mad\u00e8re!<\/p>\t\t\t\t\t\t\t\t<\/div>\n\t\t\t\t<\/div>\n\t\t\t\t<\/div>\n\t\t\t\t<\/div>\n\t\t\t\t\t<\/div>\n\t\t\t\t<\/div>\n\t\t\t\t<\/div>\n\t\t\t\t<\/div>","protected":false},"excerpt":{"rendered":"<p>Atividades e Pontos Tur\u00edsticos Explore as in\u00fameras atividades que a Ilha da Madeira oferece!\u2026<\/p>","protected":false},"author":1,"featured_media":0,"parent":0,"menu_order":0,"comment_status":"closed","ping_status":"closed","template":"template-layout-builder.php","meta":{"_acf_changed":false,"footnotes":""},"class_list":["post-1815","page","type-page","status-publish","hentry"],"acf":[],"_links":{"self":[{"href":"https:\/\/www.casinhasdalaurissilva.pt\/fr\/wp-json\/wp\/v2\/pages\/1815","targetHints":{"allow":["GET"]}}],"collection":[{"href":"https:\/\/www.casinhasdalaurissilva.pt\/fr\/wp-json\/wp\/v2\/pages"}],"about":[{"href":"https:\/\/www.casinhasdalaurissilva.pt\/fr\/wp-json\/wp\/v2\/types\/page"}],"author":[{"embeddable":true,"href":"https:\/\/www.casinhasdalaurissilva.pt\/fr\/wp-json\/wp\/v2\/users\/1"}],"replies":[{"embeddable":true,"href":"https:\/\/www.casinhasdalaurissilva.pt\/fr\/wp-json\/wp\/v2\/comments?post=1815"}],"version-history":[{"count":214,"href":"https:\/\/www.casinhasdalaurissilva.pt\/fr\/wp-json\/wp\/v2\/pages\/1815\/revisions"}],"predecessor-version":[{"id":55571,"href":"https:\/\/www.casinhasdalaurissilva.pt\/fr\/wp-json\/wp\/v2\/pages\/1815\/revisions\/55571"}],"wp:attachment":[{"href":"https:\/\/www.casinhasdalaurissilva.pt\/fr\/wp-json\/wp\/v2\/media?parent=1815"}],"curies":[{"name":"wp","href":"https:\/\/api.w.org\/{rel}","templated":true}]}}